{"id":3604,"date":"2022-05-16T09:23:18","date_gmt":"2022-05-16T08:23:18","guid":{"rendered":"https:\/\/www.comaquilutte.fr\/?post_type=tribe_events&#038;p=3604"},"modified":"2022-06-03T15:41:16","modified_gmt":"2022-06-03T14:41:16","slug":"championnats-de-france-par-equipes-3e-division-coupe-de-lavenir-coupe-de-la-jeunesse-les-4-et-5-juin-2022-a-saint-yrieix-la-perche","status":"publish","type":"tribe_events","link":"https:\/\/www.comaquilutte.fr\/index.php\/event\/championnats-de-france-par-equipes-3e-division-coupe-de-lavenir-coupe-de-la-jeunesse-les-4-et-5-juin-2022-a-saint-yrieix-la-perche\/","title":{"rendered":"Championnats de France par \u00e9quipes 3e division &#8211; Coupe de l&rsquo;avenir &#8211; Coupe de la jeunesse les \u00a04 et 5 juin 2022 \u00e0 Saint-Yrieix-la-Perche."},"content":{"rendered":"<p style=\"font-weight: 400;\">Championnats de France par \u00e9quipes 3e division &#8211; Coupe de l&rsquo;avenir &#8211; Coupe de la jeunesse les \u00a04 et 5 juin 2022 \u00e0 Saint-Yrieix-la-Perche.<\/p>\n<p style=\"font-weight: 400;\">Veuillez, trouver, en 4 pi\u00e8ces jointes, la circulaire et les r\u00e8glements de ces 3 championnats de France par \u00e9quipes.<\/p>\n<p style=\"font-weight: 400;\">La date limite d\u2019inscription est\u00a0<strong>le 26 mai 2022<\/strong>.<\/p>\n<p>[PDFS]<\/p>\n<p><a href=\"https:\/\/www.comaquilutte.fr\/wp-content\/uploads\/2022\/05\/Circulaire_competitions-2022-D3-JEUNESSSE-AVENIR-Diffusion.pdf\">Circulaire_competitions 2022 D3 JEUNESSSE AVENIR Diffusion<\/a><br \/>\n<a href=\"https:\/\/www.comaquilutte.fr\/wp-content\/uploads\/2022\/05\/REGLEMENT_COUPE_AVENIR-2022.pdf\">REGLEMENT_COUPE_AVENIR 2022<\/a><br \/>\n<a href=\"https:\/\/www.comaquilutte.fr\/wp-content\/uploads\/2022\/05\/REGLEMENT_COUPE_JEUNESSE_2022.pdf\">REGLEMENT_COUPE_JEUNESSE_2022<\/a><br \/>\n<a href=\"https:\/\/www.comaquilutte.fr\/wp-content\/uploads\/2022\/05\/REGLEMENT_DIV3_2022.pdf\">REGLEMENT_DIV3_2022<\/a><\/p>\n","protected":false},"excerpt":{"rendered":"<p>Championnats de France par \u00e9quipes 3e division &#8211; Coupe de l&rsquo;avenir &#8211; Coupe de la jeunesse les \u00a04 et 5 juin 2022 \u00e0 Saint-Yrieix-la-Perche. Veuillez, trouver, en 4 pi\u00e8ces jointes, la circulaire et les r\u00e8glements de ces 3 championnats de France par \u00e9quipes. La date limite d\u2019inscription est\u00a0le 26 mai 2022. [PDFS] Circulaire_competitions 2022 D3&hellip; <br \/> <a class=\"read-more\" href=\"https:\/\/www.comaquilutte.fr\/index.php\/event\/championnats-de-france-par-equipes-3e-division-coupe-de-lavenir-coupe-de-la-jeunesse-les-4-et-5-juin-2022-a-saint-yrieix-la-perche\/\">Lire la suite<\/a><\/p>\n","protected":false},"author":2,"featured_media":3640,"template":"","meta":{"spay_email":"","footnotes":""},"tags":[],"tribe_events_cat":[81],"class_list":["post-3604","tribe_events","type-tribe_events","status-publish","has-post-thumbnail","hentry","tribe_events_cat-lutte","cat_lutte"],"yoast_head":"<!-- This site is optimized with the Yoast SEO plugin v17.8 - https:\/\/yoast.com\/wordpress\/plugins\/seo\/ -->\n<title>Championnats de France par \u00e9quipes 3e division - Coupe de l&#039;avenir - Coupe de la jeunesse les \u00a04 et 5 juin 2022 \u00e0 Saint-Yrieix-la-Perche. -<\/title>\n<meta name=\"robots\" content=\"index, follow, max-snippet:-1, max-image-preview:large, max-video-preview:-1\" \/>\n<link rel=\"canonical\" href=\"https:\/\/www.comaquilutte.fr\/index.php\/event\/championnats-de-france-par-equipes-3e-division-coupe-de-lavenir-coupe-de-la-jeunesse-les-4-et-5-juin-2022-a-saint-yrieix-la-perche\/\" \/>\n<meta property=\"og:locale\" content=\"fr_FR\" \/>\n<meta property=\"og:type\" content=\"article\" \/>\n<meta property=\"og:title\" content=\"Championnats de France par \u00e9quipes 3e division - Coupe de l&#039;avenir - Coupe de la jeunesse les \u00a04 et 5 juin 2022 \u00e0 Saint-Yrieix-la-Perche. -\" \/>\n<meta property=\"og:description\" content=\"Championnats de France par \u00e9quipes 3e division &#8211; Coupe de l&rsquo;avenir &#8211; Coupe de la jeunesse les \u00a04 et 5 juin 2022 \u00e0 Saint-Yrieix-la-Perche. Veuillez, trouver, en 4 pi\u00e8ces jointes, la circulaire et les r\u00e8glements de ces 3 championnats de France par \u00e9quipes. La date limite d\u2019inscription est\u00a0le 26 mai 2022. [PDFS] Circulaire_competitions 2022 D3&hellip; Lire la suite\" \/>\n<meta property=\"og:url\" content=\"https:\/\/www.comaquilutte.fr\/index.php\/event\/championnats-de-france-par-equipes-3e-division-coupe-de-lavenir-coupe-de-la-jeunesse-les-4-et-5-juin-2022-a-saint-yrieix-la-perche\/\" \/>\n<meta property=\"article:modified_time\" content=\"2022-06-03T14:41:16+00:00\" \/>\n<meta property=\"og:image\" content=\"https:\/\/www.comaquilutte.fr\/wp-content\/uploads\/2022\/05\/45-juin.jpg\" \/>\n\t<meta property=\"og:image:width\" content=\"724\" \/>\n\t<meta property=\"og:image:height\" content=\"1024\" \/>\n<meta name=\"twitter:card\" content=\"summary\" \/>\n<meta name=\"twitter:label1\" content=\"Dur\u00e9e de lecture estim\u00e9e\" \/>\n\t<meta name=\"twitter:data1\" content=\"1 minute\" \/>\n<script type=\"application\/ld+json\" class=\"yoast-schema-graph\">{\"@context\":\"https:\/\/schema.org\",\"@graph\":[{\"@type\":\"WebSite\",\"@id\":\"https:\/\/www.comaquilutte.fr\/#website\",\"url\":\"https:\/\/www.comaquilutte.fr\/\",\"name\":\"\",\"description\":\"Comit\\u00e9 R\\u00e9gional Nouvelle Aquitaine\",\"potentialAction\":[{\"@type\":\"SearchAction\",\"target\":{\"@type\":\"EntryPoint\",\"urlTemplate\":\"https:\/\/www.comaquilutte.fr\/?s={search_term_string}\"},\"query-input\":\"required name=search_term_string\"}],\"inLanguage\":\"fr-FR\"},{\"@type\":\"ImageObject\",\"@id\":\"https:\/\/www.comaquilutte.fr\/index.php\/event\/championnats-de-france-par-equipes-3e-division-coupe-de-lavenir-coupe-de-la-jeunesse-les-4-et-5-juin-2022-a-saint-yrieix-la-perche\/#primaryimage\",\"inLanguage\":\"fr-FR\",\"url\":\"https:\/\/i1.wp.com\/www.comaquilutte.fr\/wp-content\/uploads\/2022\/05\/45-juin.jpg?fit=724%2C1024&ssl=1\",\"contentUrl\":\"https:\/\/i1.wp.com\/www.comaquilutte.fr\/wp-content\/uploads\/2022\/05\/45-juin.jpg?fit=724%2C1024&ssl=1\",\"width\":724,\"height\":1024},{\"@type\":\"WebPage\",\"@id\":\"https:\/\/www.comaquilutte.fr\/index.php\/event\/championnats-de-france-par-equipes-3e-division-coupe-de-lavenir-coupe-de-la-jeunesse-les-4-et-5-juin-2022-a-saint-yrieix-la-perche\/#webpage\",\"url\":\"https:\/\/www.comaquilutte.fr\/index.php\/event\/championnats-de-france-par-equipes-3e-division-coupe-de-lavenir-coupe-de-la-jeunesse-les-4-et-5-juin-2022-a-saint-yrieix-la-perche\/\",\"name\":\"Championnats de France par \\u00e9quipes 3e division - Coupe de l'avenir - Coupe de la jeunesse les \\u00a04 et 5 juin 2022 \\u00e0 Saint-Yrieix-la-Perche. -\",\"isPartOf\":{\"@id\":\"https:\/\/www.comaquilutte.fr\/#website\"},\"primaryImageOfPage\":{\"@id\":\"https:\/\/www.comaquilutte.fr\/index.php\/event\/championnats-de-france-par-equipes-3e-division-coupe-de-lavenir-coupe-de-la-jeunesse-les-4-et-5-juin-2022-a-saint-yrieix-la-perche\/#primaryimage\"},\"datePublished\":\"2022-05-16T08:23:18+00:00\",\"dateModified\":\"2022-06-03T14:41:16+00:00\",\"breadcrumb\":{\"@id\":\"https:\/\/www.comaquilutte.fr\/index.php\/event\/championnats-de-france-par-equipes-3e-division-coupe-de-lavenir-coupe-de-la-jeunesse-les-4-et-5-juin-2022-a-saint-yrieix-la-perche\/#breadcrumb\"},\"inLanguage\":\"fr-FR\",\"potentialAction\":[{\"@type\":\"ReadAction\",\"target\":[\"https:\/\/www.comaquilutte.fr\/index.php\/event\/championnats-de-france-par-equipes-3e-division-coupe-de-lavenir-coupe-de-la-jeunesse-les-4-et-5-juin-2022-a-saint-yrieix-la-perche\/\"]}]},{\"@type\":\"BreadcrumbList\",\"@id\":\"https:\/\/www.comaquilutte.fr\/index.php\/event\/championnats-de-france-par-equipes-3e-division-coupe-de-lavenir-coupe-de-la-jeunesse-les-4-et-5-juin-2022-a-saint-yrieix-la-perche\/#breadcrumb\",\"itemListElement\":[{\"@type\":\"ListItem\",\"position\":1,\"name\":\"Accueil\",\"item\":\"https:\/\/www.comaquilutte.fr\/\"},{\"@type\":\"ListItem\",\"position\":2,\"name\":\"\\u00c9v\\u00e8nements\",\"item\":\"https:\/\/www.comaquilutte.fr\/index.php\/events\/\"},{\"@type\":\"ListItem\",\"position\":3,\"name\":\"Championnats de France par \\u00e9quipes 3e division &#8211; Coupe de l&rsquo;avenir &#8211; Coupe de la jeunesse les \\u00a04 et 5 juin 2022 \\u00e0 Saint-Yrieix-la-Perche.\"}]}]}<\/script>\n<!-- \/ Yoast SEO plugin. -->","yoast_head_json":{"title":"Championnats de France par \u00e9quipes 3e division - Coupe de l'avenir - Coupe de la jeunesse les \u00a04 et 5 juin 2022 \u00e0 Saint-Yrieix-la-Perche. -","robots":{"index":"index","follow":"follow","max-snippet":"max-snippet:-1","max-image-preview":"max-image-preview:large","max-video-preview":"max-video-preview:-1"},"canonical":"https:\/\/www.comaquilutte.fr\/index.php\/event\/championnats-de-france-par-equipes-3e-division-coupe-de-lavenir-coupe-de-la-jeunesse-les-4-et-5-juin-2022-a-saint-yrieix-la-perche\/","og_locale":"fr_FR","og_type":"article","og_title":"Championnats de France par \u00e9quipes 3e division - Coupe de l'avenir - Coupe de la jeunesse les \u00a04 et 5 juin 2022 \u00e0 Saint-Yrieix-la-Perche. -","og_description":"Championnats de France par \u00e9quipes 3e division &#8211; Coupe de l&rsquo;avenir &#8211; Coupe de la jeunesse les \u00a04 et 5 juin 2022 \u00e0 Saint-Yrieix-la-Perche. Veuillez, trouver, en 4 pi\u00e8ces jointes, la circulaire et les r\u00e8glements de ces 3 championnats de France par \u00e9quipes. La date limite d\u2019inscription est\u00a0le 26 mai 2022. [PDFS] Circulaire_competitions 2022 D3&hellip; Lire la suite","og_url":"https:\/\/www.comaquilutte.fr\/index.php\/event\/championnats-de-france-par-equipes-3e-division-coupe-de-lavenir-coupe-de-la-jeunesse-les-4-et-5-juin-2022-a-saint-yrieix-la-perche\/","article_modified_time":"2022-06-03T14:41:16+00:00","og_image":[{"width":724,"height":1024,"url":"https:\/\/www.comaquilutte.fr\/wp-content\/uploads\/2022\/05\/45-juin.jpg","type":"image\/jpeg"}],"twitter_card":"summary","twitter_misc":{"Dur\u00e9e de lecture estim\u00e9e":"1 minute"},"schema":{"@context":"https:\/\/schema.org","@graph":[{"@type":"WebSite","@id":"https:\/\/www.comaquilutte.fr\/#website","url":"https:\/\/www.comaquilutte.fr\/","name":"","description":"Comit\u00e9 R\u00e9gional Nouvelle Aquitaine","potentialAction":[{"@type":"SearchAction","target":{"@type":"EntryPoint","urlTemplate":"https:\/\/www.comaquilutte.fr\/?s={search_term_string}"},"query-input":"required name=search_term_string"}],"inLanguage":"fr-FR"},{"@type":"ImageObject","@id":"https:\/\/www.comaquilutte.fr\/index.php\/event\/championnats-de-france-par-equipes-3e-division-coupe-de-lavenir-coupe-de-la-jeunesse-les-4-et-5-juin-2022-a-saint-yrieix-la-perche\/#primaryimage","inLanguage":"fr-FR","url":"https:\/\/i1.wp.com\/www.comaquilutte.fr\/wp-content\/uploads\/2022\/05\/45-juin.jpg?fit=724%2C1024&ssl=1","contentUrl":"https:\/\/i1.wp.com\/www.comaquilutte.fr\/wp-content\/uploads\/2022\/05\/45-juin.jpg?fit=724%2C1024&ssl=1","width":724,"height":1024},{"@type":"WebPage","@id":"https:\/\/www.comaquilutte.fr\/index.php\/event\/championnats-de-france-par-equipes-3e-division-coupe-de-lavenir-coupe-de-la-jeunesse-les-4-et-5-juin-2022-a-saint-yrieix-la-perche\/#webpage","url":"https:\/\/www.comaquilutte.fr\/index.php\/event\/championnats-de-france-par-equipes-3e-division-coupe-de-lavenir-coupe-de-la-jeunesse-les-4-et-5-juin-2022-a-saint-yrieix-la-perche\/","name":"Championnats de France par \u00e9quipes 3e division - Coupe de l'avenir - Coupe de la jeunesse les \u00a04 et 5 juin 2022 \u00e0 Saint-Yrieix-la-Perche. -","isPartOf":{"@id":"https:\/\/www.comaquilutte.fr\/#website"},"primaryImageOfPage":{"@id":"https:\/\/www.comaquilutte.fr\/index.php\/event\/championnats-de-france-par-equipes-3e-division-coupe-de-lavenir-coupe-de-la-jeunesse-les-4-et-5-juin-2022-a-saint-yrieix-la-perche\/#primaryimage"},"datePublished":"2022-05-16T08:23:18+00:00","dateModified":"2022-06-03T14:41:16+00:00","breadcrumb":{"@id":"https:\/\/www.comaquilutte.fr\/index.php\/event\/championnats-de-france-par-equipes-3e-division-coupe-de-lavenir-coupe-de-la-jeunesse-les-4-et-5-juin-2022-a-saint-yrieix-la-perche\/#breadcrumb"},"inLanguage":"fr-FR","potentialAction":[{"@type":"ReadAction","target":["https:\/\/www.comaquilutte.fr\/index.php\/event\/championnats-de-france-par-equipes-3e-division-coupe-de-lavenir-coupe-de-la-jeunesse-les-4-et-5-juin-2022-a-saint-yrieix-la-perche\/"]}]},{"@type":"BreadcrumbList","@id":"https:\/\/www.comaquilutte.fr\/index.php\/event\/championnats-de-france-par-equipes-3e-division-coupe-de-lavenir-coupe-de-la-jeunesse-les-4-et-5-juin-2022-a-saint-yrieix-la-perche\/#breadcrumb","itemListElement":[{"@type":"ListItem","position":1,"name":"Accueil","item":"https:\/\/www.comaquilutte.fr\/"},{"@type":"ListItem","position":2,"name":"\u00c9v\u00e8nements","item":"https:\/\/www.comaquilutte.fr\/index.php\/events\/"},{"@type":"ListItem","position":3,"name":"Championnats de France par \u00e9quipes 3e division &#8211; Coupe de l&rsquo;avenir &#8211; Coupe de la jeunesse les \u00a04 et 5 juin 2022 \u00e0 Saint-Yrieix-la-Perche."}]}]}},"jetpack_sharing_enabled":true,"_links":{"self":[{"href":"https:\/\/www.comaquilutte.fr\/index.php\/wp-json\/wp\/v2\/tribe_events\/3604","targetHints":{"allow":["GET"]}}],"collection":[{"href":"https:\/\/www.comaquilutte.fr\/index.php\/wp-json\/wp\/v2\/tribe_events"}],"about":[{"href":"https:\/\/www.comaquilutte.fr\/index.php\/wp-json\/wp\/v2\/types\/tribe_events"}],"author":[{"embeddable":true,"href":"https:\/\/www.comaquilutte.fr\/index.php\/wp-json\/wp\/v2\/users\/2"}],"version-history":[{"count":2,"href":"https:\/\/www.comaquilutte.fr\/index.php\/wp-json\/wp\/v2\/tribe_events\/3604\/revisions"}],"predecessor-version":[{"id":3641,"href":"https:\/\/www.comaquilutte.fr\/index.php\/wp-json\/wp\/v2\/tribe_events\/3604\/revisions\/3641"}],"wp:featuredmedia":[{"embeddable":true,"href":"https:\/\/www.comaquilutte.fr\/index.php\/wp-json\/wp\/v2\/media\/3640"}],"wp:attachment":[{"href":"https:\/\/www.comaquilutte.fr\/index.php\/wp-json\/wp\/v2\/media?parent=3604"}],"wp:term":[{"taxonomy":"post_tag","embeddable":true,"href":"https:\/\/www.comaquilutte.fr\/index.php\/wp-json\/wp\/v2\/tags?post=3604"},{"taxonomy":"tribe_events_cat","embeddable":true,"href":"https:\/\/www.comaquilutte.fr\/index.php\/wp-json\/wp\/v2\/tribe_events_cat?post=3604"}],"curies":[{"name":"wp","href":"https:\/\/api.w.org\/{rel}","templated":true}]}}